{"id":117,"date":"2021-09-09T13:20:42","date_gmt":"2021-09-09T18:20:42","guid":{"rendered":"https:\/\/asocolfarma.com\/?page_id=117"},"modified":"2023-08-18T15:36:26","modified_gmt":"2023-08-18T20:36:26","slug":"comunicaciones","status":"publish","type":"page","link":"https:\/\/asocolfarma.com\/en\/comunicaciones\/","title":{"rendered":"Communications"},"content":{"rendered":"<section class=\"wpb-content-wrapper\"><div data-vc-full-width=\"true\" data-vc-full-width-init=\"false\" data-vc-stretch-content=\"true\" class=\"vc_row wpb_row vc_row-fluid vc_custom_1692382764158 vc_row-no-padding wd-rs-64dfb627eb4b9\"><div class=\"wpb_column vc_column_container vc_col-sm-12\"><div class=\"vc_column-inner\"><div class=\"wpb_wrapper\">\n\t\t\t<!-- START inicio REVOLUTION SLIDER 6.6.15 --><p class=\"rs-p-wp-fix\"><\/p>\n\t\t\t<rs-module-wrap id=\"rev_slider_4_1_wrapper\" data-source=\"gallery\" style=\"visibility:hidden;background:transparent;padding:0;margin:0px auto;margin-top:0;margin-bottom:0;\">\n\t\t\t\t<rs-module id=\"rev_slider_4_1\" style=\"\" data-version=\"6.6.15\">\n\t\t\t\t\t<rs-slides style=\"overflow: hidden; position: absolute;\">\n\t\t\t\t\t\t<rs-slide style=\"position: absolute;\" data-key=\"rs-19\" data-title=\"Slide\" data-thumb=\"\/\/asocolfarma.com\/wp-content\/uploads\/articulo2-1-50x100.jpg\" data-anim=\"adpr:false;\" data-in=\"o:0;\" data-out=\"a:false;\">\n\t\t\t\t\t\t\t<img decoding=\"async\" src=\"\/\/asocolfarma.com\/wp-content\/plugins\/revslider\/public\/assets\/assets\/dummy.png\" alt=\"\" width=\"1359\" height=\"990\" class=\"rev-slidebg tp-rs-img rs-lazyload\" data-lazyload=\"\/\/asocolfarma.com\/wp-content\/uploads\/articulo2-1.jpg\" data-no-retina>\n<!--\n\t\t\t\t\t\t\t--><rs-layer\n\t\t\t\t\t\t\t\tid=\"slider-4-slide-19-layer-7\" \n\t\t\t\t\t\t\t\tdata-type=\"image\"\n\t\t\t\t\t\t\t\tdata-rsp_ch=\"on\"\n\t\t\t\t\t\t\t\tdata-xy=\"xo:362px,224px,187px,101px;yo:41px,317px,534px,390px;\"\n\t\t\t\t\t\t\t\tdata-text=\"w:normal;s:20,10,7,4;l:0,13,9,6;\"\n\t\t\t\t\t\t\t\tdata-dim=\"w:523px,278px,422px,293px;h:208px,110px,168px,117px;\"\n\t\t\t\t\t\t\t\tdata-frame_999=\"o:0;st:w;\"\n\t\t\t\t\t\t\t\tstyle=\"z-index:10;\"\n\t\t\t\t\t\t\t><img decoding=\"async\" src=\"\/\/asocolfarma.com\/wp-content\/plugins\/revslider\/public\/assets\/assets\/dummy.png\" alt=\"\" class=\"tp-rs-img rs-lazyload\" width=\"271\" height=\"108\" data-lazyload=\"\/\/asocolfarma.com\/wp-content\/uploads\/revslider\/inicio\/logo1.png\" data-no-retina> \n\t\t\t\t\t\t\t<\/rs-layer><!--\n\n\t\t\t\t\t\t\t--><rs-layer\n\t\t\t\t\t\t\t\tid=\"slider-4-slide-19-layer-8\" \n\t\t\t\t\t\t\t\tdata-type=\"image\"\n\t\t\t\t\t\t\t\tdata-rsp_ch=\"on\"\n\t\t\t\t\t\t\t\tdata-xy=\"xo:372px,243px,236px,122px;yo:278px,19px,123px,78px;\"\n\t\t\t\t\t\t\t\tdata-text=\"w:normal;s:20,10,7,4;l:0,13,9,6;\"\n\t\t\t\t\t\t\t\tdata-dim=\"w:514px,289px,346px,269px;h:514px,289px,346px,269px;\"\n\t\t\t\t\t\t\t\tdata-frame_999=\"o:0;st:w;\"\n\t\t\t\t\t\t\t\tstyle=\"z-index:11;\"\n\t\t\t\t\t\t\t><img decoding=\"async\" src=\"\/\/asocolfarma.com\/wp-content\/plugins\/revslider\/public\/assets\/assets\/dummy.png\" alt=\"\" class=\"tp-rs-img rs-lazyload\" width=\"2560\" height=\"2560\" data-lazyload=\"\/\/asocolfarma.com\/wp-content\/uploads\/logo-modificado-scaled.png\" data-no-retina> \n\t\t\t\t\t\t\t<\/rs-layer><!--\n-->\t\t\t\t\t\t<\/rs-slide>\n\t\t\t\t\t\t<rs-slide style=\"position: absolute;\" data-key=\"rs-13\" data-title=\"Slide\" data-thumb=\"\/\/asocolfarma.com\/wp-content\/uploads\/revslider\/inicio\/banner21-50x100.jpg\" data-anim=\"adpr:false;\" data-in=\"o:0;\" data-out=\"a:false;\">\n\t\t\t\t\t\t\t<img decoding=\"async\" src=\"\/\/asocolfarma.com\/wp-content\/plugins\/revslider\/public\/assets\/assets\/dummy.png\" alt=\"\" title=\"banner21.jpg\" width=\"1920\" height=\"967\" class=\"rev-slidebg tp-rs-img rs-lazyload\" data-lazyload=\"\/\/asocolfarma.com\/wp-content\/uploads\/revslider\/inicio\/banner21.jpg\" data-no-retina>\n<!--\n\t\t\t\t\t\t\t--><rs-layer\n\t\t\t\t\t\t\t\tid=\"slider-4-slide-13-layer-3\" \n\t\t\t\t\t\t\t\tdata-type=\"image\"\n\t\t\t\t\t\t\t\tdata-rsp_ch=\"on\"\n\t\t\t\t\t\t\t\tdata-xy=\"xo:320px,170px,129px,68px;yo:36px,19px,14px,74px;\"\n\t\t\t\t\t\t\t\tdata-text=\"w:normal;s:20,10,7,4;l:0,13,9,6;\"\n\t\t\t\t\t\t\t\tdata-dim=\"w:463px,246px,186px,310px;h:193px,102px,77px,129px;\"\n\t\t\t\t\t\t\t\tdata-frame_0=\"sX:0.8;sY:0.8;\"\n\t\t\t\t\t\t\t\tdata-frame_1=\"e:power4.out;sp:1000;\"\n\t\t\t\t\t\t\t\tdata-frame_999=\"o:0;st:w;\"\n\t\t\t\t\t\t\t\tstyle=\"z-index:11;\"\n\t\t\t\t\t\t\t><img decoding=\"async\" src=\"\/\/asocolfarma.com\/wp-content\/plugins\/revslider\/public\/assets\/assets\/dummy.png\" alt=\"\" class=\"tp-rs-img rs-lazyload\" width=\"\" height=\"\" data-lazyload=\"\/\/asocolfarma.com\/wp-content\/uploads\/revslider\/inicio\/LOGO_ACF_BLANCO_VECTOR1.svg\" data-no-retina> \n\t\t\t\t\t\t\t<\/rs-layer><!--\n\n\t\t\t\t\t\t\t--><rs-layer\n\t\t\t\t\t\t\t\tid=\"slider-4-slide-13-layer-9\" \n\t\t\t\t\t\t\t\tdata-type=\"text\"\n\t\t\t\t\t\t\t\tdata-rsp_ch=\"on\"\n\t\t\t\t\t\t\t\tdata-xy=\"xo:270px,144px,109px,50px;yo:287px,153px,116px,283px;\"\n\t\t\t\t\t\t\t\tdata-text=\"w:normal;s:45,24,18,19;l:58,30,22,29;fw:700;a:center;\"\n\t\t\t\t\t\t\t\tdata-dim=\"w:583,310,235,375px;\"\n\t\t\t\t\t\t\t\tdata-frame_0=\"x:-56px,-29px,-22px,-9px;\"\n\t\t\t\t\t\t\t\tdata-frame_1=\"sp:1000;\"\n\t\t\t\t\t\t\t\tdata-frame_999=\"o:0;st:w;\"\n\t\t\t\t\t\t\t\tstyle=\"z-index:9;font-family:'Noto Sans';\"\n\t\t\t\t\t\t\t>Hazte miembro de la<br \/>\nAsociaci\u00f3n Colombiana <br \/>\nde Farmacolog\u00eda  \n\t\t\t\t\t\t\t<\/rs-layer><!--\n\n\t\t\t\t\t\t\t--><rs-layer\n\t\t\t\t\t\t\t\tid=\"slider-4-slide-13-layer-15\" \n\t\t\t\t\t\t\t\tdata-type=\"text\"\n\t\t\t\t\t\t\t\tdata-rsp_ch=\"on\"\n\t\t\t\t\t\t\t\tdata-xy=\"xo:314px,167px,126px,72px;y:m;yo:179px,95px,72px,244px;\"\n\t\t\t\t\t\t\t\tdata-text=\"w:normal;s:30,16,12,19;l:61,32,24,29;\"\n\t\t\t\t\t\t\t\tdata-dim=\"w:600,320,243,375px;\"\n\t\t\t\t\t\t\t\tdata-frame_0=\"x:-59px,-31px,-23px,-9px;\"\n\t\t\t\t\t\t\t\tdata-frame_1=\"sp:1000;\"\n\t\t\t\t\t\t\t\tdata-frame_999=\"o:0;st:w;\"\n\t\t\t\t\t\t\t\tstyle=\"z-index:8;font-family:'Open Sans';\"\n\t\t\t\t\t\t\t>Nuestros asociados son prestantes investigadores, docentes, cient\u00edficos, administradores y profesionales de la salud relacionados con la farmacolog\u00eda. \n\t\t\t\t\t\t\t<\/rs-layer><!--\n\n\t\t\t\t\t\t\t--><a\n\t\t\t\t\t\t\t\tid=\"slider-4-slide-13-layer-17\" \n\t\t\t\t\t\t\t\tclass=\"rs-layer rev-btn\"\n\t\t\t\t\t\t\t\thref=\"https:\/\/asocolfarma.com\/en\/hazte-miembro\/\" target=\"_self\"\n\t\t\t\t\t\t\t\tdata-type=\"button\"\n\t\t\t\t\t\t\t\tdata-bsh=\"c:rgba(26,31,98,0.27);v:4px,2px,1px,4px;b:30px,16px,12px,30px;\"\n\t\t\t\t\t\t\t\tdata-rsp_ch=\"on\"\n\t\t\t\t\t\t\t\tdata-xy=\"xo:364px,194px,147px,103px;yo:809px,431px,327px,434px;\"\n\t\t\t\t\t\t\t\tdata-text=\"w:normal;s:40,21,15,21;l:66,35,26,51;fw:700;a:center;\"\n\t\t\t\t\t\t\t\tdata-dim=\"h:74px,39px,29px,auto;minh:0,none,none,none;\"\n\t\t\t\t\t\t\t\tdata-padding=\"r:41,22,17,38;l:41,22,17,38;\"\n\t\t\t\t\t\t\t\tdata-border=\"bor:80px,80px,80px,80px;\"\n\t\t\t\t\t\t\t\tdata-frame_0=\"sX:0.9;sY:0.9;\"\n\t\t\t\t\t\t\t\tdata-frame_1=\"sp:1000;\"\n\t\t\t\t\t\t\t\tdata-frame_999=\"o:0;st:w;\"\n\t\t\t\t\t\t\t\tdata-frame_hover=\"c:#000;bgc:#f1f2f6;bor:80px,80px,80px,80px;bri:120%;\"\n\t\t\t\t\t\t\t\tstyle=\"z-index:10;background-color:#618e34;font-family:'Open Sans';\"\n\t\t\t\t\t\t\t>Fill out the form \n\t\t\t\t\t\t\t<\/a><!--\n-->\t\t\t\t\t\t<\/rs-slide>\n\t\t\t\t\t\t<rs-slide style=\"position: absolute;\" data-key=\"rs-18\" data-title=\"Slide\" data-thumb=\"\/\/asocolfarma.com\/wp-content\/uploads\/revslider\/inicio\/banner31-50x100.jpg\" data-anim=\"adpr:false;\" data-in=\"o:0;\" data-out=\"a:false;\">\n\t\t\t\t\t\t\t<img decoding=\"async\" src=\"\/\/asocolfarma.com\/wp-content\/plugins\/revslider\/public\/assets\/assets\/dummy.png\" alt=\"\" title=\"banner31.jpg\" width=\"1920\" height=\"967\" class=\"rev-slidebg tp-rs-img rs-lazyload\" data-lazyload=\"\/\/asocolfarma.com\/wp-content\/uploads\/revslider\/inicio\/banner31.jpg\" data-no-retina>\n<!--\n\t\t\t\t\t\t\t--><rs-layer\n\t\t\t\t\t\t\t\tid=\"slider-4-slide-18-layer-1\" \n\t\t\t\t\t\t\t\tdata-type=\"text\"\n\t\t\t\t\t\t\t\tdata-rsp_ch=\"on\"\n\t\t\t\t\t\t\t\tdata-xy=\"xo:191px,101px,76px,51px;yo:482px,257px,195px,339px;\"\n\t\t\t\t\t\t\t\tdata-text=\"w:normal;s:25,13,9,19;l:51,27,20,29;\"\n\t\t\t\t\t\t\t\tdata-dim=\"w:618px,329px,249px,375px;\"\n\t\t\t\t\t\t\t\tdata-frame_0=\"x:-50,-26,-19,-9px;y:0,0,0,0px;\"\n\t\t\t\t\t\t\t\tdata-frame_1=\"x:0,0,0,0px;y:0,0,0,0px;sp:1000;\"\n\t\t\t\t\t\t\t\tdata-frame_999=\"o:0;st:w;\"\n\t\t\t\t\t\t\t\tstyle=\"z-index:8;font-family:'Open Sans';\"\n\t\t\t\t\t\t\t>We are a non-profit association, a reference in education and technical-scientific endorsement, dedicated to the promotion and dissemination of scientific and research advances in all fields of pharmacology. \n\t\t\t\t\t\t\t<\/rs-layer><!--\n\n\t\t\t\t\t\t\t--><rs-layer\n\t\t\t\t\t\t\t\tid=\"slider-4-slide-18-layer-3\" \n\t\t\t\t\t\t\t\tdata-type=\"image\"\n\t\t\t\t\t\t\t\tdata-rsp_ch=\"on\"\n\t\t\t\t\t\t\t\tdata-xy=\"xo:189px,100px,75px,52px;yo:234px,124px,94px,156px;\"\n\t\t\t\t\t\t\t\tdata-text=\"w:normal;s:20,10,7,4;l:0,13,9,6;\"\n\t\t\t\t\t\t\t\tdata-dim=\"w:463px,246px,186px,310px;h:193px,102px,77px,129px;\"\n\t\t\t\t\t\t\t\tdata-frame_0=\"sX:0.8;sY:0.8;\"\n\t\t\t\t\t\t\t\tdata-frame_1=\"e:power4.out;sp:1000;\"\n\t\t\t\t\t\t\t\tdata-frame_999=\"o:0;st:w;\"\n\t\t\t\t\t\t\t\tstyle=\"z-index:9;\"\n\t\t\t\t\t\t\t><img decoding=\"async\" src=\"\/\/asocolfarma.com\/wp-content\/plugins\/revslider\/public\/assets\/assets\/dummy.png\" alt=\"\" class=\"tp-rs-img rs-lazyload\" width=\"\" height=\"\" data-lazyload=\"\/\/asocolfarma.com\/wp-content\/uploads\/revslider\/inicio\/LOGO_ACF_BLANCO_VECTOR1.svg\" data-no-retina> \n\t\t\t\t\t\t\t<\/rs-layer><!--\n-->\t\t\t\t\t\t<\/rs-slide>\n\t\t\t\t\t<\/rs-slides>\n\t\t\t\t<\/rs-module>\n\t\t\t\t<script>\n\t\t\t\t\tsetREVStartSize({c: 'rev_slider_4_1',rl:[1240,1024,778,480],el:[940,768,960,720],gw:[1920,1024,778,480],gh:[940,768,960,720],type:'standard',justify:'',layout:'fullwidth',mh:\"0\"});if (window.RS_MODULES!==undefined && window.RS_MODULES.modules!==undefined && window.RS_MODULES.modules[\"revslider41\"]!==undefined) {window.RS_MODULES.modules[\"revslider41\"].once = false;window.revapi4 = undefined;if (window.RS_MODULES.checkMinimal!==undefined) window.RS_MODULES.checkMinimal()}\n\t\t\t\t<\/script>\n\t\t\t<\/rs-module-wrap>\n\t\t\t<!-- END REVOLUTION SLIDER -->\n<\/div><\/div><\/div><\/div><div class=\"vc_row-full-width vc_clearfix\"><\/div><div data-vc-full-width=\"true\" data-vc-full-width-init=\"false\" class=\"vc_row wpb_row vc_row-fluid\"><div class=\"wpb_column vc_column_container vc_col-sm-12\"><div class=\"vc_column-inner vc_custom_1631176321958\"><div class=\"wpb_wrapper\"><h4 style=\"font-size: 42px;line-height: 60px;text-align: center\" class=\"vc_custom_heading\" >Latest posts<\/h4><div class=\"vc_empty_space\"   style=\"height: 52px\"><span class=\"vc_empty_space_inner\"><\/span><\/div><div class=\"vc_row wpb_row vc_inner vc_row-fluid\">\t\t\t<link rel=\"stylesheet\" id=\"wd-blog-base-css\" href=\"https:\/\/asocolfarma.com\/wp-content\/themes\/woodmart\/css\/parts\/blog-base.min.css?ver=7.2.5\" type=\"text\/css\" media=\"all\" \/> \t\t\t\t\t\t<link rel=\"stylesheet\" id=\"wd-blog-loop-base-old-css\" href=\"https:\/\/asocolfarma.com\/wp-content\/themes\/woodmart\/css\/parts\/blog-loop-base-old.min.css?ver=7.2.5\" type=\"text\/css\" media=\"all\" \/> \t\t\t\t\t\t<link rel=\"stylesheet\" id=\"wd-blog-loop-design-masonry-css\" href=\"https:\/\/asocolfarma.com\/wp-content\/themes\/woodmart\/css\/parts\/blog-loop-design-masonry.min.css?ver=7.2.5\" type=\"text\/css\" media=\"all\" \/> \t\t\t<div class=\"wpb_column vc_column_container vc_col-sm-12\"><div class=\"vc_column-inner\"><div class=\"wpb_wrapper\">\t\t\t<link rel=\"stylesheet\" id=\"wd-owl-carousel-css\" href=\"https:\/\/asocolfarma.com\/wp-content\/themes\/woodmart\/css\/parts\/lib-owl-carousel.min.css?ver=7.2.5\" type=\"text\/css\" media=\"all\" \/> \t\t\t\t\t\t\t\t\t<div id=\"carousel-228\"\n\t\t\t\t class=\"wd-carousel-container wd-wpb slider-type-post wd-carousel-spacing-30\" data-owl-carousel data-wrap=\"yes\" data-autoplay=\"yes\" data-hide_pagination_control=\"no\" data-hide_prev_next_buttons=\"no\" data-desktop=\"3\" data-tablet_landscape=\"3\" data-tablet=\"2\" data-mobile=\"1\">\n\t\t\t\t\t\t\t\t<div class=\"owl-carousel wd-owl owl-items-lg-3 owl-items-md-3 owl-items-sm-2 owl-items-xs-1\">\n\t\t\t\t\t\t\t<div class=\"slide-post owl-carousel-item\">\n\t\t\t\n\t\t\t\t\t\t\t\t\t\t\t\n<article id=\"post-851\" class=\"blog-post-loop post-slide blog-design-masonry blog-style-bg wd-add-shadow post-851 post type-post status-publish format-standard has-post-thumbnail hentry category-tendencias\">\n\t<div class=\"article-inner\">\n\t\t<header class=\"entry-header\">\n\t\t\t\t\t\t\t<figure class=\"entry-thumbnail\">\n\t\t\t\t\t<div class=\"post-img-wrapp\">\n\t\t\t\t\t\t<a href=\"https:\/\/asocolfarma.com\/en\/feliz-navidad-y-feliz-ano-2026\/\">\n\t\t\t\t\t\t\t<img loading=\"lazy\" decoding=\"async\" class=\"attachment-large wp-post-image\" src=\"https:\/\/asocolfarma.com\/wp-content\/uploads\/feliz-2026-450x330.jpeg\" width=\"450\" height=\"330\" alt=\"feliz 2026\" title=\"feliz 2026\" \/>\t\t\t\t\t\t<\/a>\n\t\t\t\t\t<\/div>\n\t\t\t\t\t<div class=\"post-image-mask\">\n\t\t\t\t\t\t<span><\/span>\n\t\t\t\t\t<\/div>\n\t\t\t\t<\/figure>\n\t\t\t\n\t\t\t\t\t\t<div class=\"post-date wd-post-date wd-style-with-bg\" onclick=\"\">\n\t\t\t\t<span class=\"post-date-day\">\n\t\t\t\t\t18\t\t\t\t<\/span>\n\t\t\t\t<span class=\"post-date-month\">\n\t\t\t\t\tDec\t\t\t\t<\/span>\n\t\t\t<\/div>\n\t\t\t\t<\/header><!-- .entry-header -->\n\n\t\t<div class=\"article-body-container\">\n\t\t\t\t\t\t\t<div class=\"meta-categories-wrapp\"><div class=\"meta-post-categories wd-post-cat wd-style-with-bg\"><a href=\"https:\/\/asocolfarma.com\/en\/category\/tendencias\/\" rel=\"category tag\">Trends<\/a><\/div><\/div>\n\t\t\t\n\t\t\t\t\t\t\t<h3 class=\"wd-entities-title title post-title\">\n\t\t\t\t\t<a href=\"https:\/\/asocolfarma.com\/en\/feliz-navidad-y-feliz-ano-2026\/\" rel=\"bookmark\">FELIZ NAVIDAD Y FELIZ A\u00d1O 2026<\/a>\n\t\t\t\t<\/h3>\n\t\t\t\n\t\t\t\t\t\t\t<div class=\"entry-meta wd-entry-meta\">\n\t\t\t\t\t\t\t\t<ul class=\"entry-meta-list\">\n\t\t\t\t\t\t\t\t\t<li class=\"modified-date\">\n\t\t\t\t\t\t\t\t<time class=\"updated\" datetime=\"2025-12-18T13:18:39-05:00\">\n\t\t\tDecember 18, 2025\t\t<\/time>\n\t\t\t\t\t\t\t<\/li>\n\n\t\t\t\t\t\n\t\t\t\t\t\t\t\t\t\t\t<li class=\"meta-author\">\n\t\t\t\t\t\t\t\t\t<span>\n\t\t\t\t\t\t\tPosted by\t\t\t\t\t<\/span>\n\n\t\t\t\t\t\t\t\n\t\t<a href=\"https:\/\/asocolfarma.com\/en\/author\/c3b69ec586eb72a640050857fe1a8ce4\/\" rel=\"author\">\n\t\t\t<span class=\"vcard author author_name\">\n\t\t\t\t<span class=\"fn\">ACF<\/span>\n\t\t\t<\/span>\n\t\t<\/a>\n\t\t\t\t\t\t\t\t<\/li>\n\t\t\t\t\t\n\t\t\t\t\t\n\t\t\t\t\t\t\t\t\t\t\t\t<\/ul>\n\t\t\t\t\t\t<\/div><!-- .entry-meta -->\n\t\t\t\t\t\t\t\t\t\t<div class=\"hovered-social-icons wd-tltp wd-tltp-top\">\n\t\t\t\t\t<div class=\"wd-tooltip-label\">\n\t\t\t\t\t\t\t\t\t<link rel=\"stylesheet\" id=\"wd-social-icons-css\" href=\"https:\/\/asocolfarma.com\/wp-content\/themes\/woodmart\/css\/parts\/el-social-icons.min.css?ver=7.2.5\" type=\"text\/css\" media=\"all\" \/> \t\t\t\n\t\t\t<div class=\"wd-social-icons  icons-design-default icons-size-small color-scheme-light social-share social-form-circle text-center\">\n\n\t\t\t\t\n\t\t\t\t\t\t\t\t\t<a rel=\"noopener noreferrer nofollow\" href=\"https:\/\/www.facebook.com\/sharer\/sharer.php?u=https:\/\/asocolfarma.com\/en\/feliz-navidad-y-feliz-ano-2026\/\" target=\"_blank\" class=\"wd-social-icon social-facebook\" aria-label=\"Facebook social link\">\n\t\t\t\t\t\t<span class=\"wd-icon\"><\/span>\n\t\t\t\t\t\t\t\t\t\t\t<\/a>\n\t\t\t\t\n\t\t\t\t\t\t\t\t\t<a rel=\"noopener noreferrer nofollow\" href=\"https:\/\/twitter.com\/share?url=https:\/\/asocolfarma.com\/en\/feliz-navidad-y-feliz-ano-2026\/\" target=\"_blank\" class=\"wd-social-icon social-twitter\" aria-label=\"Twitter social link\">\n\t\t\t\t\t\t<span class=\"wd-icon\"><\/span>\n\t\t\t\t\t\t\t\t\t\t\t<\/a>\n\t\t\t\t\n\t\t\t\t\n\t\t\t\t\n\t\t\t\t\n\t\t\t\t\t\t\t\t\t<a rel=\"noopener noreferrer nofollow\" href=\"https:\/\/pinterest.com\/pin\/create\/button\/?url=https:\/\/asocolfarma.com\/en\/feliz-navidad-y-feliz-ano-2026\/&media=https:\/\/asocolfarma.com\/wp-content\/uploads\/feliz-2026.jpeg&description=FELIZ+NAVIDAD+Y+FELIZ+A%C3%91O+2026\" target=\"_blank\" class=\"wd-social-icon social-pinterest\" aria-label=\"Pinterest social link\">\n\t\t\t\t\t\t<span class=\"wd-icon\"><\/span>\n\t\t\t\t\t\t\t\t\t\t\t<\/a>\n\t\t\t\t\n\t\t\t\t\n\t\t\t\t\t\t\t\t\t<a rel=\"noopener noreferrer nofollow\" href=\"https:\/\/www.linkedin.com\/shareArticle?mini=true&url=https:\/\/asocolfarma.com\/en\/feliz-navidad-y-feliz-ano-2026\/\" target=\"_blank\" class=\"wd-social-icon social-linkedin\" aria-label=\"Linkedin social link\">\n\t\t\t\t\t\t<span class=\"wd-icon\"><\/span>\n\t\t\t\t\t\t\t\t\t\t\t<\/a>\n\t\t\t\t\n\t\t\t\t\n\t\t\t\t\n\t\t\t\t\n\t\t\t\t\n\t\t\t\t\n\t\t\t\t\n\t\t\t\t\n\t\t\t\t\n\t\t\t\t\n\t\t\t\t\t\t\t\t\n\t\t\t\t\t\t\t\t\n\t\t\t\t\n\t\t\t\t\t\t\t\t\t<a rel=\"noopener noreferrer nofollow\" href=\"https:\/\/telegram.me\/share\/url?url=https:\/\/asocolfarma.com\/en\/feliz-navidad-y-feliz-ano-2026\/\" target=\"_blank\" class=\"wd-social-icon social-tg\" aria-label=\"Telegram social link\">\n\t\t\t\t\t\t<span class=\"wd-icon\"><\/span>\n\t\t\t\t\t\t\t\t\t\t\t<\/a>\n\t\t\t\t\t\t\t\t\n\t\t\t\t\n\t\t\t<\/div>\n\n\t\t\t\t\t\t\t<\/div>\n\t\t\t\t<\/div>\t\n\t\t\t\n\t\t\t\t\t\t\t<div class=\"entry-content wd-entry-content\">\n\t\t\t\t\t\r\n\r\n\r\n\r\n\r\n\r\n\r\n\r\nEl final del a\u00f1o nos invita a hacer una pausa consciente, a mirar el camino recorrid...<p class=\"read-more-section\"><a class=\"btn-read-more more-link\" href=\"https:\/\/asocolfarma.com\/en\/feliz-navidad-y-feliz-ano-2026\/\">Continue reading<\/a><\/p>\t\t\t\t<\/div><!-- .entry-content -->\n\t\t\t\t\t<\/div>\n\t<\/div>\n<\/article><!-- #post -->\n\n\t\t\t\t\t\n\t\t<\/div>\n\t\t\t\t<div class=\"slide-post owl-carousel-item\">\n\t\t\t\n\t\t\t\t\t\t\t\t\t\t\t\n<article id=\"post-837\" class=\"blog-post-loop post-slide blog-design-masonry blog-style-bg wd-add-shadow post-837 post type-post status-publish format-standard has-post-thumbnail hentry category-efemerides category-tendencias\">\n\t<div class=\"article-inner\">\n\t\t<header class=\"entry-header\">\n\t\t\t\t\t\t\t<figure class=\"entry-thumbnail\">\n\t\t\t\t\t<div class=\"post-img-wrapp\">\n\t\t\t\t\t\t<a href=\"https:\/\/asocolfarma.com\/en\/3-de-diciembre_dia-del-medico\/\">\n\t\t\t\t\t\t\t<img loading=\"lazy\" decoding=\"async\" class=\"attachment-large wp-post-image\" src=\"https:\/\/asocolfarma.com\/wp-content\/uploads\/Finlay_Carlos_1833-1915-e1764766633342-280x330.jpg\" width=\"280\" height=\"330\" alt=\"Carlos Finlay 1833-1915\" title=\"Finlay_Carlos_1833-1915\" \/>\t\t\t\t\t\t<\/a>\n\t\t\t\t\t<\/div>\n\t\t\t\t\t<div class=\"post-image-mask\">\n\t\t\t\t\t\t<span><\/span>\n\t\t\t\t\t<\/div>\n\t\t\t\t<\/figure>\n\t\t\t\n\t\t\t\t\t\t<div class=\"post-date wd-post-date wd-style-with-bg\" onclick=\"\">\n\t\t\t\t<span class=\"post-date-day\">\n\t\t\t\t\t03\t\t\t\t<\/span>\n\t\t\t\t<span class=\"post-date-month\">\n\t\t\t\t\tDec\t\t\t\t<\/span>\n\t\t\t<\/div>\n\t\t\t\t<\/header><!-- .entry-header -->\n\n\t\t<div class=\"article-body-container\">\n\t\t\t\t\t\t\t<div class=\"meta-categories-wrapp\"><div class=\"meta-post-categories wd-post-cat wd-style-with-bg\"><a href=\"https:\/\/asocolfarma.com\/en\/category\/efemerides\/\" rel=\"category tag\">Efem\u00e9rides<\/a>, <a href=\"https:\/\/asocolfarma.com\/en\/category\/tendencias\/\" rel=\"category tag\">Trends<\/a><\/div><\/div>\n\t\t\t\n\t\t\t\t\t\t\t<h3 class=\"wd-entities-title title post-title\">\n\t\t\t\t\t<a href=\"https:\/\/asocolfarma.com\/en\/3-de-diciembre_dia-del-medico\/\" rel=\"bookmark\">3 DE DICIEMBRE_DIA DEL MEDICO<\/a>\n\t\t\t\t<\/h3>\n\t\t\t\n\t\t\t\t\t\t\t<div class=\"entry-meta wd-entry-meta\">\n\t\t\t\t\t\t\t\t<ul class=\"entry-meta-list\">\n\t\t\t\t\t\t\t\t\t<li class=\"modified-date\">\n\t\t\t\t\t\t\t\t<time class=\"updated\" datetime=\"2025-12-03T08:00:09-05:00\">\n\t\t\tDecember 3, 2025\t\t<\/time>\n\t\t\t\t\t\t\t<\/li>\n\n\t\t\t\t\t\n\t\t\t\t\t\t\t\t\t\t\t<li class=\"meta-author\">\n\t\t\t\t\t\t\t\t\t<span>\n\t\t\t\t\t\t\tPosted by\t\t\t\t\t<\/span>\n\n\t\t\t\t\t\t\t\n\t\t<a href=\"https:\/\/asocolfarma.com\/en\/author\/c3b69ec586eb72a640050857fe1a8ce4\/\" rel=\"author\">\n\t\t\t<span class=\"vcard author author_name\">\n\t\t\t\t<span class=\"fn\">ACF<\/span>\n\t\t\t<\/span>\n\t\t<\/a>\n\t\t\t\t\t\t\t\t<\/li>\n\t\t\t\t\t\n\t\t\t\t\t\n\t\t\t\t\t\t\t\t\t\t\t\t<\/ul>\n\t\t\t\t\t\t<\/div><!-- .entry-meta -->\n\t\t\t\t\t\t\t\t\t\t<div class=\"hovered-social-icons wd-tltp wd-tltp-top\">\n\t\t\t\t\t<div class=\"wd-tooltip-label\">\n\t\t\t\t\t\t\n\t\t\t<div class=\"wd-social-icons  icons-design-default icons-size-small color-scheme-light social-share social-form-circle text-center\">\n\n\t\t\t\t\n\t\t\t\t\t\t\t\t\t<a rel=\"noopener noreferrer nofollow\" href=\"https:\/\/www.facebook.com\/sharer\/sharer.php?u=https:\/\/asocolfarma.com\/en\/3-de-diciembre_dia-del-medico\/\" target=\"_blank\" class=\"wd-social-icon social-facebook\" aria-label=\"Facebook social link\">\n\t\t\t\t\t\t<span class=\"wd-icon\"><\/span>\n\t\t\t\t\t\t\t\t\t\t\t<\/a>\n\t\t\t\t\n\t\t\t\t\t\t\t\t\t<a rel=\"noopener noreferrer nofollow\" href=\"https:\/\/twitter.com\/share?url=https:\/\/asocolfarma.com\/en\/3-de-diciembre_dia-del-medico\/\" target=\"_blank\" class=\"wd-social-icon social-twitter\" aria-label=\"Twitter social link\">\n\t\t\t\t\t\t<span class=\"wd-icon\"><\/span>\n\t\t\t\t\t\t\t\t\t\t\t<\/a>\n\t\t\t\t\n\t\t\t\t\n\t\t\t\t\n\t\t\t\t\n\t\t\t\t\t\t\t\t\t<a rel=\"noopener noreferrer nofollow\" href=\"https:\/\/pinterest.com\/pin\/create\/button\/?url=https:\/\/asocolfarma.com\/en\/3-de-diciembre_dia-del-medico\/&media=https:\/\/asocolfarma.com\/wp-content\/uploads\/Finlay_Carlos_1833-1915-e1764766633342.jpg&description=3+DE+DICIEMBRE_DIA+DEL+MEDICO\" target=\"_blank\" class=\"wd-social-icon social-pinterest\" aria-label=\"Pinterest social link\">\n\t\t\t\t\t\t<span class=\"wd-icon\"><\/span>\n\t\t\t\t\t\t\t\t\t\t\t<\/a>\n\t\t\t\t\n\t\t\t\t\n\t\t\t\t\t\t\t\t\t<a rel=\"noopener noreferrer nofollow\" href=\"https:\/\/www.linkedin.com\/shareArticle?mini=true&url=https:\/\/asocolfarma.com\/en\/3-de-diciembre_dia-del-medico\/\" target=\"_blank\" class=\"wd-social-icon social-linkedin\" aria-label=\"Linkedin social link\">\n\t\t\t\t\t\t<span class=\"wd-icon\"><\/span>\n\t\t\t\t\t\t\t\t\t\t\t<\/a>\n\t\t\t\t\n\t\t\t\t\n\t\t\t\t\n\t\t\t\t\n\t\t\t\t\n\t\t\t\t\n\t\t\t\t\n\t\t\t\t\n\t\t\t\t\n\t\t\t\t\n\t\t\t\t\t\t\t\t\n\t\t\t\t\t\t\t\t\n\t\t\t\t\n\t\t\t\t\t\t\t\t\t<a rel=\"noopener noreferrer nofollow\" href=\"https:\/\/telegram.me\/share\/url?url=https:\/\/asocolfarma.com\/en\/3-de-diciembre_dia-del-medico\/\" target=\"_blank\" class=\"wd-social-icon social-tg\" aria-label=\"Telegram social link\">\n\t\t\t\t\t\t<span class=\"wd-icon\"><\/span>\n\t\t\t\t\t\t\t\t\t\t\t<\/a>\n\t\t\t\t\t\t\t\t\n\t\t\t\t\n\t\t\t<\/div>\n\n\t\t\t\t\t\t\t<\/div>\n\t\t\t\t<\/div>\t\n\t\t\t\n\t\t\t\t\t\t\t<div class=\"entry-content wd-entry-content\">\n\t\t\t\t\tD\u00eda del M\u00e9dico \u2013 Asociaci\u00f3n Colombiana de Farmacolog\u00eda\r\nLa Asociaci\u00f3n Colombiana de Farmacolog\u00eda (AC...<p class=\"read-more-section\"><a class=\"btn-read-more more-link\" href=\"https:\/\/asocolfarma.com\/en\/3-de-diciembre_dia-del-medico\/\">Continue reading<\/a><\/p>\t\t\t\t<\/div><!-- .entry-content -->\n\t\t\t\t\t<\/div>\n\t<\/div>\n<\/article><!-- #post -->\n\n\t\t\t\t\t\n\t\t<\/div>\n\t\t\t\t<div class=\"slide-post owl-carousel-item\">\n\t\t\t\n\t\t\t\t\t\t\t\t\t\t\t\n<article id=\"post-829\" class=\"blog-post-loop post-slide blog-design-masonry blog-style-bg wd-add-shadow post-829 post type-post status-publish format-standard hentry category-tendencias tag-estancia-hospitalaria tag-interaccion-medicamentosa tag-investigacion tag-mortalidad tag-polifarmacia\">\n\t<div class=\"article-inner\">\n\t\t<header class=\"entry-header\">\n\t\t\t\n\t\t\t\t\t\t<div class=\"post-date wd-post-date wd-style-with-bg\" onclick=\"\">\n\t\t\t\t<span class=\"post-date-day\">\n\t\t\t\t\t27\t\t\t\t<\/span>\n\t\t\t\t<span class=\"post-date-month\">\n\t\t\t\t\tNov\t\t\t\t<\/span>\n\t\t\t<\/div>\n\t\t\t\t<\/header><!-- .entry-header -->\n\n\t\t<div class=\"article-body-container\">\n\t\t\t\t\t\t\t<div class=\"meta-categories-wrapp\"><div class=\"meta-post-categories wd-post-cat wd-style-with-bg\"><a href=\"https:\/\/asocolfarma.com\/en\/category\/tendencias\/\" rel=\"category tag\">Trends<\/a><\/div><\/div>\n\t\t\t\n\t\t\t\t\t\t\t<h3 class=\"wd-entities-title title post-title\">\n\t\t\t\t\t<a href=\"https:\/\/asocolfarma.com\/en\/impacto-de-la-deprescripcion-en-las-interacciones-farmacologicas-potenciales-de-riesgo-clinico-mayor-en-tres-unidades-de-cuidados-intensivos\/\" rel=\"bookmark\">Impacto de la deprescripci\u00f3n en las interacciones farmacol\u00f3gicas potenciales de riesgo cl\u00ednico mayor en tres unidades de cuidados intensivos<\/a>\n\t\t\t\t<\/h3>\n\t\t\t\n\t\t\t\t\t\t\t<div class=\"entry-meta wd-entry-meta\">\n\t\t\t\t\t\t\t\t<ul class=\"entry-meta-list\">\n\t\t\t\t\t\t\t\t\t<li class=\"modified-date\">\n\t\t\t\t\t\t\t\t<time class=\"updated\" datetime=\"2025-11-27T10:51:04-05:00\">\n\t\t\tNovember 27, 2025\t\t<\/time>\n\t\t\t\t\t\t\t<\/li>\n\n\t\t\t\t\t\n\t\t\t\t\t\t\t\t\t\t\t<li class=\"meta-author\">\n\t\t\t\t\t\t\t\t\t<span>\n\t\t\t\t\t\t\tPosted by\t\t\t\t\t<\/span>\n\n\t\t\t\t\t\t\t\n\t\t<a href=\"https:\/\/asocolfarma.com\/en\/author\/c3b69ec586eb72a640050857fe1a8ce4\/\" rel=\"author\">\n\t\t\t<span class=\"vcard author author_name\">\n\t\t\t\t<span class=\"fn\">ACF<\/span>\n\t\t\t<\/span>\n\t\t<\/a>\n\t\t\t\t\t\t\t\t<\/li>\n\t\t\t\t\t\n\t\t\t\t\t\n\t\t\t\t\t\t\t\t\t\t\t\t<\/ul>\n\t\t\t\t\t\t<\/div><!-- .entry-meta -->\n\t\t\t\t\t\t\t\t\t\t<div class=\"hovered-social-icons wd-tltp wd-tltp-top\">\n\t\t\t\t\t<div class=\"wd-tooltip-label\">\n\t\t\t\t\t\t\n\t\t\t<div class=\"wd-social-icons  icons-design-default icons-size-small color-scheme-light social-share social-form-circle text-center\">\n\n\t\t\t\t\n\t\t\t\t\t\t\t\t\t<a rel=\"noopener noreferrer nofollow\" href=\"https:\/\/www.facebook.com\/sharer\/sharer.php?u=https:\/\/asocolfarma.com\/en\/impacto-de-la-deprescripcion-en-las-interacciones-farmacologicas-potenciales-de-riesgo-clinico-mayor-en-tres-unidades-de-cuidados-intensivos\/\" target=\"_blank\" class=\"wd-social-icon social-facebook\" aria-label=\"Facebook social link\">\n\t\t\t\t\t\t<span class=\"wd-icon\"><\/span>\n\t\t\t\t\t\t\t\t\t\t\t<\/a>\n\t\t\t\t\n\t\t\t\t\t\t\t\t\t<a rel=\"noopener noreferrer nofollow\" href=\"https:\/\/twitter.com\/share?url=https:\/\/asocolfarma.com\/en\/impacto-de-la-deprescripcion-en-las-interacciones-farmacologicas-potenciales-de-riesgo-clinico-mayor-en-tres-unidades-de-cuidados-intensivos\/\" target=\"_blank\" class=\"wd-social-icon social-twitter\" aria-label=\"Twitter social link\">\n\t\t\t\t\t\t<span class=\"wd-icon\"><\/span>\n\t\t\t\t\t\t\t\t\t\t\t<\/a>\n\t\t\t\t\n\t\t\t\t\n\t\t\t\t\n\t\t\t\t\n\t\t\t\t\t\t\t\t\t<a rel=\"noopener noreferrer nofollow\" href=\"https:\/\/pinterest.com\/pin\/create\/button\/?url=https:\/\/asocolfarma.com\/en\/impacto-de-la-deprescripcion-en-las-interacciones-farmacologicas-potenciales-de-riesgo-clinico-mayor-en-tres-unidades-de-cuidados-intensivos\/&media=https:\/\/asocolfarma.com\/wp-includes\/images\/media\/default.svg&description=Impacto+de+la+deprescripci%C3%B3n+en+las+interacciones+farmacol%C3%B3gicas+potenciales+de+riesgo+cl%C3%ADnico+mayor+en+tres+unidades+de+cuidados+intensivos\" target=\"_blank\" class=\"wd-social-icon social-pinterest\" aria-label=\"Pinterest social link\">\n\t\t\t\t\t\t<span class=\"wd-icon\"><\/span>\n\t\t\t\t\t\t\t\t\t\t\t<\/a>\n\t\t\t\t\n\t\t\t\t\n\t\t\t\t\t\t\t\t\t<a rel=\"noopener noreferrer nofollow\" href=\"https:\/\/www.linkedin.com\/shareArticle?mini=true&url=https:\/\/asocolfarma.com\/en\/impacto-de-la-deprescripcion-en-las-interacciones-farmacologicas-potenciales-de-riesgo-clinico-mayor-en-tres-unidades-de-cuidados-intensivos\/\" target=\"_blank\" class=\"wd-social-icon social-linkedin\" aria-label=\"Linkedin social link\">\n\t\t\t\t\t\t<span class=\"wd-icon\"><\/span>\n\t\t\t\t\t\t\t\t\t\t\t<\/a>\n\t\t\t\t\n\t\t\t\t\n\t\t\t\t\n\t\t\t\t\n\t\t\t\t\n\t\t\t\t\n\t\t\t\t\n\t\t\t\t\n\t\t\t\t\n\t\t\t\t\n\t\t\t\t\t\t\t\t\n\t\t\t\t\t\t\t\t\n\t\t\t\t\n\t\t\t\t\t\t\t\t\t<a rel=\"noopener noreferrer nofollow\" href=\"https:\/\/telegram.me\/share\/url?url=https:\/\/asocolfarma.com\/en\/impacto-de-la-deprescripcion-en-las-interacciones-farmacologicas-potenciales-de-riesgo-clinico-mayor-en-tres-unidades-de-cuidados-intensivos\/\" target=\"_blank\" class=\"wd-social-icon social-tg\" aria-label=\"Telegram social link\">\n\t\t\t\t\t\t<span class=\"wd-icon\"><\/span>\n\t\t\t\t\t\t\t\t\t\t\t<\/a>\n\t\t\t\t\t\t\t\t\n\t\t\t\t\n\t\t\t<\/div>\n\n\t\t\t\t\t\t\t<\/div>\n\t\t\t\t<\/div>\t\n\t\t\t\n\t\t\t\t\t\t\t<div class=\"entry-content wd-entry-content\">\n\t\t\t\t\tResumen\r\n\r\nObjetivo:\r\nEvaluar el impacto de un programa de deprescripci\u00f3n en el \u00edndice de potenciale...<p class=\"read-more-section\"><a class=\"btn-read-more more-link\" href=\"https:\/\/asocolfarma.com\/en\/impacto-de-la-deprescripcion-en-las-interacciones-farmacologicas-potenciales-de-riesgo-clinico-mayor-en-tres-unidades-de-cuidados-intensivos\/\">Continue reading<\/a><\/p>\t\t\t\t<\/div><!-- .entry-content -->\n\t\t\t\t\t<\/div>\n\t<\/div>\n<\/article><!-- #post -->\n\n\t\t\t\t\t\n\t\t<\/div>\n\t\t\t\t<div class=\"slide-post owl-carousel-item\">\n\t\t\t\n\t\t\t\t\t\t\t\t\t\t\t\n<article id=\"post-753\" class=\"blog-post-loop post-slide blog-design-masonry blog-style-bg wd-add-shadow post-753 post type-post status-publish format-standard has-post-thumbnail hentry category-noticias category-tendencias tag-comunicado\">\n\t<div class=\"article-inner\">\n\t\t<header class=\"entry-header\">\n\t\t\t\t\t\t\t<figure class=\"entry-thumbnail\">\n\t\t\t\t\t<div class=\"post-img-wrapp\">\n\t\t\t\t\t\t<a href=\"https:\/\/asocolfarma.com\/en\/comunicado-a-la-opinion-publica-un-llamado-urgente-a-trabajar-conjuntamente-por-la-seguridad-en-el-uso-de-medicamentos-y-la-aplicacion-inmediata-de-la-ley-del-talento-humano-en-salud\/\">\n\t\t\t\t\t\t\t<img loading=\"lazy\" decoding=\"async\" class=\"attachment-large wp-post-image\" src=\"https:\/\/asocolfarma.com\/wp-content\/uploads\/sociedades-cientificas--450x276.png\" width=\"450\" height=\"276\" alt=\"sociedades cient\u00edficas\" title=\"scientific societies\" \/>\t\t\t\t\t\t<\/a>\n\t\t\t\t\t<\/div>\n\t\t\t\t\t<div class=\"post-image-mask\">\n\t\t\t\t\t\t<span><\/span>\n\t\t\t\t\t<\/div>\n\t\t\t\t<\/figure>\n\t\t\t\n\t\t\t\t\t\t<div class=\"post-date wd-post-date wd-style-with-bg\" onclick=\"\">\n\t\t\t\t<span class=\"post-date-day\">\n\t\t\t\t\t26\t\t\t\t<\/span>\n\t\t\t\t<span class=\"post-date-month\">\n\t\t\t\t\tNov\t\t\t\t<\/span>\n\t\t\t<\/div>\n\t\t\t\t<\/header><!-- .entry-header -->\n\n\t\t<div class=\"article-body-container\">\n\t\t\t\t\t\t\t<div class=\"meta-categories-wrapp\"><div class=\"meta-post-categories wd-post-cat wd-style-with-bg\"><a href=\"https:\/\/asocolfarma.com\/en\/category\/noticias\/\" rel=\"category tag\">News<\/a>, <a href=\"https:\/\/asocolfarma.com\/en\/category\/tendencias\/\" rel=\"category tag\">Trends<\/a><\/div><\/div>\n\t\t\t\n\t\t\t\t\t\t\t<h3 class=\"wd-entities-title title post-title\">\n\t\t\t\t\t<a href=\"https:\/\/asocolfarma.com\/en\/comunicado-a-la-opinion-publica-un-llamado-urgente-a-trabajar-conjuntamente-por-la-seguridad-en-el-uso-de-medicamentos-y-la-aplicacion-inmediata-de-la-ley-del-talento-humano-en-salud\/\" rel=\"bookmark\">PUBLIC NOTICE: An urgent call to work together for safe medication use and the immediate implementation of the Health Human Talent Law<\/a>\n\t\t\t\t<\/h3>\n\t\t\t\n\t\t\t\t\t\t\t<div class=\"entry-meta wd-entry-meta\">\n\t\t\t\t\t\t\t\t<ul class=\"entry-meta-list\">\n\t\t\t\t\t\t\t\t\t<li class=\"modified-date\">\n\t\t\t\t\t\t\t\t<time class=\"updated\" datetime=\"2025-11-18T23:36:40-05:00\">\n\t\t\tNovember 18, 2025\t\t<\/time>\n\t\t\t\t\t\t\t<\/li>\n\n\t\t\t\t\t\n\t\t\t\t\t\t\t\t\t\t\t<li class=\"meta-author\">\n\t\t\t\t\t\t\t\t\t<span>\n\t\t\t\t\t\t\tPosted by\t\t\t\t\t<\/span>\n\n\t\t\t\t\t\t\t\n\t\t<a href=\"https:\/\/asocolfarma.com\/en\/author\/c3b69ec586eb72a640050857fe1a8ce4\/\" rel=\"author\">\n\t\t\t<span class=\"vcard author author_name\">\n\t\t\t\t<span class=\"fn\">ACF<\/span>\n\t\t\t<\/span>\n\t\t<\/a>\n\t\t\t\t\t\t\t\t<\/li>\n\t\t\t\t\t\n\t\t\t\t\t\n\t\t\t\t\t\t\t\t\t\t\t\t<\/ul>\n\t\t\t\t\t\t<\/div><!-- .entry-meta -->\n\t\t\t\t\t\t\t\t\t\t<div class=\"hovered-social-icons wd-tltp wd-tltp-top\">\n\t\t\t\t\t<div class=\"wd-tooltip-label\">\n\t\t\t\t\t\t\n\t\t\t<div class=\"wd-social-icons  icons-design-default icons-size-small color-scheme-light social-share social-form-circle text-center\">\n\n\t\t\t\t\n\t\t\t\t\t\t\t\t\t<a rel=\"noopener noreferrer nofollow\" href=\"https:\/\/www.facebook.com\/sharer\/sharer.php?u=https:\/\/asocolfarma.com\/en\/comunicado-a-la-opinion-publica-un-llamado-urgente-a-trabajar-conjuntamente-por-la-seguridad-en-el-uso-de-medicamentos-y-la-aplicacion-inmediata-de-la-ley-del-talento-humano-en-salud\/\" target=\"_blank\" class=\"wd-social-icon social-facebook\" aria-label=\"Facebook social link\">\n\t\t\t\t\t\t<span class=\"wd-icon\"><\/span>\n\t\t\t\t\t\t\t\t\t\t\t<\/a>\n\t\t\t\t\n\t\t\t\t\t\t\t\t\t<a rel=\"noopener noreferrer nofollow\" href=\"https:\/\/twitter.com\/share?url=https:\/\/asocolfarma.com\/en\/comunicado-a-la-opinion-publica-un-llamado-urgente-a-trabajar-conjuntamente-por-la-seguridad-en-el-uso-de-medicamentos-y-la-aplicacion-inmediata-de-la-ley-del-talento-humano-en-salud\/\" target=\"_blank\" class=\"wd-social-icon social-twitter\" aria-label=\"Twitter social link\">\n\t\t\t\t\t\t<span class=\"wd-icon\"><\/span>\n\t\t\t\t\t\t\t\t\t\t\t<\/a>\n\t\t\t\t\n\t\t\t\t\n\t\t\t\t\n\t\t\t\t\n\t\t\t\t\t\t\t\t\t<a rel=\"noopener noreferrer nofollow\" href=\"https:\/\/pinterest.com\/pin\/create\/button\/?url=https:\/\/asocolfarma.com\/en\/comunicado-a-la-opinion-publica-un-llamado-urgente-a-trabajar-conjuntamente-por-la-seguridad-en-el-uso-de-medicamentos-y-la-aplicacion-inmediata-de-la-ley-del-talento-humano-en-salud\/&media=https:\/\/asocolfarma.com\/wp-content\/uploads\/sociedades-cientificas-.png&description=COMUNICADO+A+LA+OPINI%C3%93N+P%C3%9ABLICA%3A+Un+llamado+urgente+a+trabajar+conjuntamente+por+la+seguridad+en+el+uso+de+medicamentos+y+la+aplicaci%C3%B3n+inmediata+de+la+Ley+del+talento+humano+en+salud\" target=\"_blank\" class=\"wd-social-icon social-pinterest\" aria-label=\"Pinterest social link\">\n\t\t\t\t\t\t<span class=\"wd-icon\"><\/span>\n\t\t\t\t\t\t\t\t\t\t\t<\/a>\n\t\t\t\t\n\t\t\t\t\n\t\t\t\t\t\t\t\t\t<a rel=\"noopener noreferrer nofollow\" href=\"https:\/\/www.linkedin.com\/shareArticle?mini=true&url=https:\/\/asocolfarma.com\/en\/comunicado-a-la-opinion-publica-un-llamado-urgente-a-trabajar-conjuntamente-por-la-seguridad-en-el-uso-de-medicamentos-y-la-aplicacion-inmediata-de-la-ley-del-talento-humano-en-salud\/\" target=\"_blank\" class=\"wd-social-icon social-linkedin\" aria-label=\"Linkedin social link\">\n\t\t\t\t\t\t<span class=\"wd-icon\"><\/span>\n\t\t\t\t\t\t\t\t\t\t\t<\/a>\n\t\t\t\t\n\t\t\t\t\n\t\t\t\t\n\t\t\t\t\n\t\t\t\t\n\t\t\t\t\n\t\t\t\t\n\t\t\t\t\n\t\t\t\t\n\t\t\t\t\n\t\t\t\t\t\t\t\t\n\t\t\t\t\t\t\t\t\n\t\t\t\t\n\t\t\t\t\t\t\t\t\t<a rel=\"noopener noreferrer nofollow\" href=\"https:\/\/telegram.me\/share\/url?url=https:\/\/asocolfarma.com\/en\/comunicado-a-la-opinion-publica-un-llamado-urgente-a-trabajar-conjuntamente-por-la-seguridad-en-el-uso-de-medicamentos-y-la-aplicacion-inmediata-de-la-ley-del-talento-humano-en-salud\/\" target=\"_blank\" class=\"wd-social-icon social-tg\" aria-label=\"Telegram social link\">\n\t\t\t\t\t\t<span class=\"wd-icon\"><\/span>\n\t\t\t\t\t\t\t\t\t\t\t<\/a>\n\t\t\t\t\t\t\t\t\n\t\t\t\t\n\t\t\t<\/div>\n\n\t\t\t\t\t\t\t<\/div>\n\t\t\t\t<\/div>\t\n\t\t\t\n\t\t\t\t\t\t\t<div class=\"entry-content wd-entry-content\">\n\t\t\t\t\t\r\nThe Colombian Association of Pharmacology has endorsed the statement issued in conjunction with other...<p class=\"read-more-section\"><a class=\"btn-read-more more-link\" href=\"https:\/\/asocolfarma.com\/en\/comunicado-a-la-opinion-publica-un-llamado-urgente-a-trabajar-conjuntamente-por-la-seguridad-en-el-uso-de-medicamentos-y-la-aplicacion-inmediata-de-la-ley-del-talento-humano-en-salud\/\">Continue reading<\/a><\/p>\t\t\t\t<\/div><!-- .entry-content -->\n\t\t\t\t\t<\/div>\n\t<\/div>\n<\/article><!-- #post -->\n\n\t\t\t\t\t\n\t\t<\/div>\n\t\t\t\t<div class=\"slide-post owl-carousel-item\">\n\t\t\t\n\t\t\t\t\t\t\t\t\t\t\t\n<article id=\"post-813\" class=\"blog-post-loop post-slide blog-design-masonry blog-style-bg wd-add-shadow post-813 post type-post status-publish format-standard has-post-thumbnail hentry category-noticias tag-acf tag-junta-directiva\">\n\t<div class=\"article-inner\">\n\t\t<header class=\"entry-header\">\n\t\t\t\t\t\t\t<figure class=\"entry-thumbnail\">\n\t\t\t\t\t<div class=\"post-img-wrapp\">\n\t\t\t\t\t\t<a href=\"https:\/\/asocolfarma.com\/en\/nueva-junata-directiva-acf-periodo-2025-2027\/\">\n\t\t\t\t\t\t\t<img loading=\"lazy\" decoding=\"async\" class=\"attachment-large wp-post-image\" src=\"https:\/\/asocolfarma.com\/wp-content\/uploads\/logo-member.png\" width=\"377\" height=\"263\" alt=\"\" title=\"\" \/>\t\t\t\t\t\t<\/a>\n\t\t\t\t\t<\/div>\n\t\t\t\t\t<div class=\"post-image-mask\">\n\t\t\t\t\t\t<span><\/span>\n\t\t\t\t\t<\/div>\n\t\t\t\t<\/figure>\n\t\t\t\n\t\t\t\t\t\t<div class=\"post-date wd-post-date wd-style-with-bg\" onclick=\"\">\n\t\t\t\t<span class=\"post-date-day\">\n\t\t\t\t\t19\t\t\t\t<\/span>\n\t\t\t\t<span class=\"post-date-month\">\n\t\t\t\t\tNov\t\t\t\t<\/span>\n\t\t\t<\/div>\n\t\t\t\t<\/header><!-- .entry-header -->\n\n\t\t<div class=\"article-body-container\">\n\t\t\t\t\t\t\t<div class=\"meta-categories-wrapp\"><div class=\"meta-post-categories wd-post-cat wd-style-with-bg\"><a href=\"https:\/\/asocolfarma.com\/en\/category\/noticias\/\" rel=\"category tag\">News<\/a><\/div><\/div>\n\t\t\t\n\t\t\t\t\t\t\t<h3 class=\"wd-entities-title title post-title\">\n\t\t\t\t\t<a href=\"https:\/\/asocolfarma.com\/en\/nueva-junata-directiva-acf-periodo-2025-2027\/\" rel=\"bookmark\">NUEVA JUNTA DIRECTIVA ACF PERIODO 2025-2027<\/a>\n\t\t\t\t<\/h3>\n\t\t\t\n\t\t\t\t\t\t\t<div class=\"entry-meta wd-entry-meta\">\n\t\t\t\t\t\t\t\t<ul class=\"entry-meta-list\">\n\t\t\t\t\t\t\t\t\t<li class=\"modified-date\">\n\t\t\t\t\t\t\t\t<time class=\"updated\" datetime=\"2025-11-19T00:07:01-05:00\">\n\t\t\tNovember 19, 2025\t\t<\/time>\n\t\t\t\t\t\t\t<\/li>\n\n\t\t\t\t\t\n\t\t\t\t\t\t\t\t\t\t\t<li class=\"meta-author\">\n\t\t\t\t\t\t\t\t\t<span>\n\t\t\t\t\t\t\tPosted by\t\t\t\t\t<\/span>\n\n\t\t\t\t\t\t\t\n\t\t<a href=\"https:\/\/asocolfarma.com\/en\/author\/c3b69ec586eb72a640050857fe1a8ce4\/\" rel=\"author\">\n\t\t\t<span class=\"vcard author author_name\">\n\t\t\t\t<span class=\"fn\">ACF<\/span>\n\t\t\t<\/span>\n\t\t<\/a>\n\t\t\t\t\t\t\t\t<\/li>\n\t\t\t\t\t\n\t\t\t\t\t\n\t\t\t\t\t\t\t\t\t\t\t\t<\/ul>\n\t\t\t\t\t\t<\/div><!-- .entry-meta -->\n\t\t\t\t\t\t\t\t\t\t<div class=\"hovered-social-icons wd-tltp wd-tltp-top\">\n\t\t\t\t\t<div class=\"wd-tooltip-label\">\n\t\t\t\t\t\t\n\t\t\t<div class=\"wd-social-icons  icons-design-default icons-size-small color-scheme-light social-share social-form-circle text-center\">\n\n\t\t\t\t\n\t\t\t\t\t\t\t\t\t<a rel=\"noopener noreferrer nofollow\" href=\"https:\/\/www.facebook.com\/sharer\/sharer.php?u=https:\/\/asocolfarma.com\/en\/nueva-junata-directiva-acf-periodo-2025-2027\/\" target=\"_blank\" class=\"wd-social-icon social-facebook\" aria-label=\"Facebook social link\">\n\t\t\t\t\t\t<span class=\"wd-icon\"><\/span>\n\t\t\t\t\t\t\t\t\t\t\t<\/a>\n\t\t\t\t\n\t\t\t\t\t\t\t\t\t<a rel=\"noopener noreferrer nofollow\" href=\"https:\/\/twitter.com\/share?url=https:\/\/asocolfarma.com\/en\/nueva-junata-directiva-acf-periodo-2025-2027\/\" target=\"_blank\" class=\"wd-social-icon social-twitter\" aria-label=\"Twitter social link\">\n\t\t\t\t\t\t<span class=\"wd-icon\"><\/span>\n\t\t\t\t\t\t\t\t\t\t\t<\/a>\n\t\t\t\t\n\t\t\t\t\n\t\t\t\t\n\t\t\t\t\n\t\t\t\t\t\t\t\t\t<a rel=\"noopener noreferrer nofollow\" href=\"https:\/\/pinterest.com\/pin\/create\/button\/?url=https:\/\/asocolfarma.com\/en\/nueva-junata-directiva-acf-periodo-2025-2027\/&media=https:\/\/asocolfarma.com\/wp-content\/uploads\/logo-member.png&description=NUEVA+JUNTA+DIRECTIVA+ACF+PERIODO+2025-2027\" target=\"_blank\" class=\"wd-social-icon social-pinterest\" aria-label=\"Pinterest social link\">\n\t\t\t\t\t\t<span class=\"wd-icon\"><\/span>\n\t\t\t\t\t\t\t\t\t\t\t<\/a>\n\t\t\t\t\n\t\t\t\t\n\t\t\t\t\t\t\t\t\t<a rel=\"noopener noreferrer nofollow\" href=\"https:\/\/www.linkedin.com\/shareArticle?mini=true&url=https:\/\/asocolfarma.com\/en\/nueva-junata-directiva-acf-periodo-2025-2027\/\" target=\"_blank\" class=\"wd-social-icon social-linkedin\" aria-label=\"Linkedin social link\">\n\t\t\t\t\t\t<span class=\"wd-icon\"><\/span>\n\t\t\t\t\t\t\t\t\t\t\t<\/a>\n\t\t\t\t\n\t\t\t\t\n\t\t\t\t\n\t\t\t\t\n\t\t\t\t\n\t\t\t\t\n\t\t\t\t\n\t\t\t\t\n\t\t\t\t\n\t\t\t\t\n\t\t\t\t\t\t\t\t\n\t\t\t\t\t\t\t\t\n\t\t\t\t\n\t\t\t\t\t\t\t\t\t<a rel=\"noopener noreferrer nofollow\" href=\"https:\/\/telegram.me\/share\/url?url=https:\/\/asocolfarma.com\/en\/nueva-junata-directiva-acf-periodo-2025-2027\/\" target=\"_blank\" class=\"wd-social-icon social-tg\" aria-label=\"Telegram social link\">\n\t\t\t\t\t\t<span class=\"wd-icon\"><\/span>\n\t\t\t\t\t\t\t\t\t\t\t<\/a>\n\t\t\t\t\t\t\t\t\n\t\t\t\t\n\t\t\t<\/div>\n\n\t\t\t\t\t\t\t<\/div>\n\t\t\t\t<\/div>\t\n\t\t\t\n\t\t\t\t\t\t\t<div class=\"entry-content wd-entry-content\">\n\t\t\t\t\tLa Asociaci\u00f3n Colombiana de Farmacolog\u00eda eligi\u00f3 a la nueva junta directiva para el\u00a0 periodo 2025-202...<p class=\"read-more-section\"><a class=\"btn-read-more more-link\" href=\"https:\/\/asocolfarma.com\/en\/nueva-junata-directiva-acf-periodo-2025-2027\/\">Continue reading<\/a><\/p>\t\t\t\t<\/div><!-- .entry-content -->\n\t\t\t\t\t<\/div>\n\t<\/div>\n<\/article><!-- #post -->\n\n\t\t\t\t\t\n\t\t<\/div>\n\t\t\t\t\t\t\n\t\t\t\t<\/div> <!-- end product-items -->\n\t\t\t<\/div> <!-- end #carousel-228 -->\n\t\t\t\n\t\t\t<\/div><\/div><\/div><\/div><div class=\"vc_empty_space\"   style=\"height: 32px\"><span class=\"vc_empty_space_inner\"><\/span><\/div><div id=\"wd-6151551949fef\" class=\"wd-rs-6151551949fef  wd-button-wrapper text-center\"><a href=\"https:\/\/asocolfarma.com\/en\/blog\/\" title=\"\" class=\"btn btn-scheme-light btn-scheme-hover-dark btn-style-default btn-style-round btn-size-large\">see more<\/a><\/div><div class=\"vc_empty_space\"   style=\"height: 32px\"><span class=\"vc_empty_space_inner\"><\/span><\/div><\/div><\/div><\/div><\/div><div class=\"vc_row-full-width vc_clearfix\"><\/div><div data-vc-full-width=\"true\" data-vc-full-width-init=\"false\" class=\"vc_row wpb_row vc_row-fluid vc_custom_1631212447499 vc_row-has-fill\"><div class=\"wpb_column vc_column_container vc_col-sm-12\"><div class=\"vc_column-inner vc_custom_1631176321958\"><div class=\"wpb_wrapper\"><h3 style=\"font-size: 42px;line-height: 60px;text-align: center\" class=\"vc_custom_heading\" >Gallery<\/h3><div class=\"vc_empty_space\"   style=\"height: 52px\"><span class=\"vc_empty_space_inner\"><\/span><\/div><div class=\"vc_row wpb_row vc_inner vc_row-fluid\"><div class=\"wpb_column vc_column_container vc_col-sm-12\"><div class=\"vc_column-inner\"><div class=\"wpb_wrapper\">\t\t\t<link rel=\"stylesheet\" id=\"wd-photoswipe-css\" href=\"https:\/\/asocolfarma.com\/wp-content\/themes\/woodmart\/css\/parts\/lib-photoswipe.min.css?ver=7.2.5\" type=\"text\/css\" media=\"all\" \/> \t\t\t\t\t\t<link rel=\"stylesheet\" id=\"wd-image-gallery-css\" href=\"https:\/\/asocolfarma.com\/wp-content\/themes\/woodmart\/css\/parts\/el-gallery.min.css?ver=7.2.5\" type=\"text\/css\" media=\"all\" \/> \t\t\t\t\t<div id=\"gallery_345\" class=\"wd-images-gallery wd-justify-center wd-items-middle view-carousel photoswipe-images wd-carousel-spacing-10 wd-carousel-container\" data-owl-carousel data-wrap=\"no\" data-autoplay=\"yes\" data-hide_pagination_control=\"no\" data-hide_prev_next_buttons=\"no\" data-desktop=\"3\" data-tablet_landscape=\"3\" data-tablet=\"2\" data-mobile=\"1\">\n\t\t\t<div class=\"gallery-images owl-carousel wd-owl owl-items-lg-3 owl-items-md-3 owl-items-sm-2 owl-items-xs-1\">\n\t\t\t\t\t\t\t\t\t\t\t\t\t\t\t<div class=\"wd-gallery-item\">\n\t\t\t\t\t\t\t\t\t\t\t\t\t\t<a href=\"https:\/\/asocolfarma.com\/wp-content\/uploads\/003.jpg\" data-elementor-open-lightbox=\"no\" data-index=\"1\" data-width=\"800\" data-height=\"533\"  >\n\t\t\t\t\t\t\t\t\n\t\t\t\t\t\t\t\t\t\t\t\t\t\t\t\t\t<img loading=\"lazy\" decoding=\"async\" class=\"wd-gallery-image image-1\" src=\"https:\/\/asocolfarma.com\/wp-content\/uploads\/003-400x300.jpg\" width=\"400\" height=\"300\" alt=\"\" title=\"\" \/>\t\t\t\t\t\t\t\t\n\n\t\t\t\t\t\t\t\t\t\t\t\t\t\t\t<\/a>\n\t\t\t\t\t\t\t\t\t\t\t\t<\/div>\n\t\t\t\t\t\t\t\t\t\t\t<div class=\"wd-gallery-item\">\n\t\t\t\t\t\t\t\t\t\t\t\t\t\t<a href=\"https:\/\/asocolfarma.com\/wp-content\/uploads\/005.jpg\" data-elementor-open-lightbox=\"no\" data-index=\"2\" data-width=\"800\" data-height=\"533\"  >\n\t\t\t\t\t\t\t\t\n\t\t\t\t\t\t\t\t\t\t\t\t\t\t\t\t\t<img loading=\"lazy\" decoding=\"async\" class=\"wd-gallery-image image-2\" src=\"https:\/\/asocolfarma.com\/wp-content\/uploads\/005-400x300.jpg\" width=\"400\" height=\"300\" alt=\"\" title=\"\" \/>\t\t\t\t\t\t\t\t\n\n\t\t\t\t\t\t\t\t\t\t\t\t\t\t\t<\/a>\n\t\t\t\t\t\t\t\t\t\t\t\t<\/div>\n\t\t\t\t\t\t\t\t\t\t\t<div class=\"wd-gallery-item\">\n\t\t\t\t\t\t\t\t\t\t\t\t\t\t<a href=\"https:\/\/asocolfarma.com\/wp-content\/uploads\/dr-jorge-eliecer-.jpg\" data-elementor-open-lightbox=\"no\" data-index=\"3\" data-width=\"493\" data-height=\"355\"  >\n\t\t\t\t\t\t\t\t\n\t\t\t\t\t\t\t\t\t\t\t\t\t\t\t\t\t<img loading=\"lazy\" decoding=\"async\" class=\"wd-gallery-image image-3\" src=\"https:\/\/asocolfarma.com\/wp-content\/uploads\/dr-jorge-eliecer--400x300.jpg\" width=\"400\" height=\"300\" alt=\"\" title=\"\" \/>\t\t\t\t\t\t\t\t\n\n\t\t\t\t\t\t\t\t\t\t\t\t\t\t\t<\/a>\n\t\t\t\t\t\t\t\t\t\t\t\t<\/div>\n\t\t\t\t\t\t\t\t\t\t\t<div class=\"wd-gallery-item\">\n\t\t\t\t\t\t\t\t\t\t\t\t\t\t<a href=\"https:\/\/asocolfarma.com\/wp-content\/uploads\/dr-jorge-eliecer-2.jpg\" data-elementor-open-lightbox=\"no\" data-index=\"4\" data-width=\"542\" data-height=\"358\"  >\n\t\t\t\t\t\t\t\t\n\t\t\t\t\t\t\t\t\t\t\t\t\t\t\t\t\t<img loading=\"lazy\" decoding=\"async\" class=\"wd-gallery-image image-4\" src=\"https:\/\/asocolfarma.com\/wp-content\/uploads\/dr-jorge-eliecer-2-400x300.jpg\" width=\"400\" height=\"300\" alt=\"\" title=\"\" \/>\t\t\t\t\t\t\t\t\n\n\t\t\t\t\t\t\t\t\t\t\t\t\t\t\t<\/a>\n\t\t\t\t\t\t\t\t\t\t\t\t<\/div>\n\t\t\t\t\t\t\t\t\t\t\t<div class=\"wd-gallery-item\">\n\t\t\t\t\t\t\t\t\t\t\t\t\t\t<a href=\"https:\/\/asocolfarma.com\/wp-content\/uploads\/IMG_2916.jpg\" data-elementor-open-lightbox=\"no\" data-index=\"5\" data-width=\"800\" data-height=\"533\"  >\n\t\t\t\t\t\t\t\t\n\t\t\t\t\t\t\t\t\t\t\t\t\t\t\t\t\t<img loading=\"lazy\" decoding=\"async\" class=\"wd-gallery-image image-5\" src=\"https:\/\/asocolfarma.com\/wp-content\/uploads\/IMG_2916-400x300.jpg\" width=\"400\" height=\"300\" alt=\"\" title=\"\" \/>\t\t\t\t\t\t\t\t\n\n\t\t\t\t\t\t\t\t\t\t\t\t\t\t\t<\/a>\n\t\t\t\t\t\t\t\t\t\t\t\t<\/div>\n\t\t\t\t\t\t\t\t\t\t\t<div class=\"wd-gallery-item\">\n\t\t\t\t\t\t\t\t\t\t\t\t\t\t<a href=\"https:\/\/asocolfarma.com\/wp-content\/uploads\/IMG_2917.jpg\" data-elementor-open-lightbox=\"no\" data-index=\"6\" data-width=\"800\" data-height=\"533\"  >\n\t\t\t\t\t\t\t\t\n\t\t\t\t\t\t\t\t\t\t\t\t\t\t\t\t\t<img loading=\"lazy\" decoding=\"async\" class=\"wd-gallery-image image-6\" src=\"https:\/\/asocolfarma.com\/wp-content\/uploads\/IMG_2917-400x300.jpg\" width=\"400\" height=\"300\" alt=\"\" title=\"\" \/>\t\t\t\t\t\t\t\t\n\n\t\t\t\t\t\t\t\t\t\t\t\t\t\t\t<\/a>\n\t\t\t\t\t\t\t\t\t\t\t\t<\/div>\n\t\t\t\t\t\t\t\t\t\t\t<div class=\"wd-gallery-item\">\n\t\t\t\t\t\t\t\t\t\t\t\t\t\t<a href=\"https:\/\/asocolfarma.com\/wp-content\/uploads\/IMG-4603.jpg\" data-elementor-open-lightbox=\"no\" data-index=\"7\" data-width=\"600\" data-height=\"800\"  >\n\t\t\t\t\t\t\t\t\n\t\t\t\t\t\t\t\t\t\t\t\t\t\t\t\t\t<img loading=\"lazy\" decoding=\"async\" class=\"wd-gallery-image image-7\" src=\"https:\/\/asocolfarma.com\/wp-content\/uploads\/IMG-4603-400x300.jpg\" width=\"400\" height=\"300\" alt=\"\" title=\"\" \/>\t\t\t\t\t\t\t\t\n\n\t\t\t\t\t\t\t\t\t\t\t\t\t\t\t<\/a>\n\t\t\t\t\t\t\t\t\t\t\t\t<\/div>\n\t\t\t\t\t\t\t\t\t\t\t<div class=\"wd-gallery-item\">\n\t\t\t\t\t\t\t\t\t\t\t\t\t\t<a href=\"https:\/\/asocolfarma.com\/wp-content\/uploads\/jorge-eiecer-olarte-Caro.jpg\" data-elementor-open-lightbox=\"no\" data-index=\"8\" data-width=\"337\" data-height=\"358\"  >\n\t\t\t\t\t\t\t\t\n\t\t\t\t\t\t\t\t\t\t\t\t\t\t\t\t\t<img loading=\"lazy\" decoding=\"async\" class=\"wd-gallery-image image-8\" src=\"https:\/\/asocolfarma.com\/wp-content\/uploads\/jorge-eiecer-olarte-Caro-400x300.jpg\" width=\"400\" height=\"300\" alt=\"\" title=\"\" \/>\t\t\t\t\t\t\t\t\n\n\t\t\t\t\t\t\t\t\t\t\t\t\t\t\t<\/a>\n\t\t\t\t\t\t\t\t\t\t\t\t<\/div>\n\t\t\t\t\t\t\t\t\t\t\t\t<\/div>\n\t\t<\/div>\n\t\t\t\t<\/div><\/div><\/div><\/div><div class=\"vc_empty_space\"   style=\"height: 32px\"><span class=\"vc_empty_space_inner\"><\/span><\/div><\/div><\/div><\/div><\/div><div class=\"vc_row-full-width vc_clearfix\"><\/div><div data-vc-full-width=\"true\" data-vc-full-width-init=\"false\" class=\"vc_row wpb_row vc_row-fluid\"><div class=\"wpb_column vc_column_container vc_col-sm-12\"><div class=\"vc_column-inner vc_custom_1631176321958\"><div class=\"wpb_wrapper\"><h4 style=\"font-size: 38px;color: #000000;line-height: 60px;text-align: center\" class=\"vc_custom_heading\" >ACF awards and distinctions<\/h4><div class=\"vc_empty_space\"   style=\"height: 32px\"><span class=\"vc_empty_space_inner\"><\/span><\/div><div class=\"vc_row wpb_row vc_inner vc_row-fluid vc_column-gap-20 vc_row-o-equal-height vc_row-flex\"><div class=\"wpb_column vc_column_container vc_col-sm-6 vc_col-has-fill\"><div class=\"vc_column-inner vc_custom_1631211705888\"><div class=\"wpb_wrapper\"><h6 style=\"font-size: 20px;color: #000000;line-height: 30px;text-align: left\" class=\"vc_custom_heading\" >Rudolph Buchheim Medal<\/h6>\n\t<div class=\"wpb_text_column wpb_content_element\" >\n\t\t<div class=\"wpb_wrapper\">\n\t\t\t<p>This distinction is awarded every two years to Members who are credited for meritorious scientific or academic performance in the area of Pharmacology. The evaluation of the applications is the task of the Scientific Committee, which will present them to the National Board of Directors.<\/p>\n\n\t\t<\/div>\n\t<\/div>\n<\/div><\/div><\/div><div class=\"wpb_column vc_column_container vc_col-sm-6 vc_col-has-fill\"><div class=\"vc_column-inner vc_custom_1631211711840\"><div class=\"wpb_wrapper\"><h6 style=\"font-size: 20px;color: #000000;line-height: 30px;text-align: left\" class=\"vc_custom_heading\" >Enrique N\u00fa\u00f1ez Olarte Award<\/h6>\n\t<div class=\"wpb_text_column wpb_content_element\" >\n\t\t<div class=\"wpb_wrapper\">\n\t\t\t<p>The ACF awards this award every two years in the form of research to original scientific works that are submitted to the evaluation of the Scientific Committee of the respective National Congress.<\/p>\n\n\t\t<\/div>\n\t<\/div>\n<\/div><\/div><\/div><\/div><div class=\"vc_empty_space\"   style=\"height: 54px\"><span class=\"vc_empty_space_inner\"><\/span><\/div><h4 style=\"font-size: 38px;color: #000000;line-height: 60px;text-align: center\" class=\"vc_custom_heading\" >Otros Premios<\/h4><div class=\"vc_row wpb_row vc_inner vc_row-fluid vc_column-gap-20 vc_row-o-equal-height vc_row-flex\"><div class=\"wpb_column vc_column_container vc_col-sm-6 vc_col-has-fill\"><div class=\"vc_column-inner vc_custom_1631211705888\"><div class=\"wpb_wrapper\"><h6 style=\"font-size: 20px;color: #000000;line-height: 30px;text-align: left\" class=\"vc_custom_heading\" >Premio de Farmacoepidemiolog\u00eda<\/h6>\n\t<div class=\"wpb_text_column wpb_content_element\" >\n\t\t<div class=\"wpb_wrapper\">\n\t\t\t<p>Este premio es otorgado durante el Congreso Nacional de Farmacolog\u00eda y Terap\u00e9utica, al postulante seleccionado por el comit\u00e9 cient\u00edfico y\/o acad\u00e9mico en reconocimiento a su trabajo de investigaci\u00f3n meritorio en el <strong>\u00e1rea de Farmacoepidemiolog\u00eda<\/strong>.<\/p>\n\n\t\t<\/div>\n\t<\/div>\n<\/div><\/div><\/div><div class=\"wpb_column vc_column_container vc_col-sm-6 vc_col-has-fill\"><div class=\"vc_column-inner vc_custom_1631211711840\"><div class=\"wpb_wrapper\"><h6 style=\"font-size: 20px;color: #000000;line-height: 30px;text-align: left\" class=\"vc_custom_heading\" >Premio Alfonso Matallana<\/h6>\n\t<div class=\"wpb_text_column wpb_content_element\" >\n\t\t<div class=\"wpb_wrapper\">\n\t\t\t<p>Este\u00a0 premio se otorga en la modalidad de investigaci\u00f3n a trabajos cient\u00edficos en el <strong>\u00c1rea de Farmacolog\u00eda con aplicaci\u00f3n a la pr\u00e1ctica cl\u00ednica<\/strong>, despu\u00e9s de ser\u00a0sometidos a la evaluaci\u00f3n del Comit\u00e9 Cient\u00edfico y\/o acad\u00e9mico del Congreso Nacional de Farmacolog\u00eda y Terap\u00e9utica respectivo.<\/p>\n\n\t\t<\/div>\n\t<\/div>\n<\/div><\/div><\/div><\/div><div class=\"vc_empty_space\"   style=\"height: 54px\"><span class=\"vc_empty_space_inner\"><\/span><\/div><div id=\"wd-613a50395c9d9\" class=\"wd-rs-613a50395c9d9  wd-button-wrapper text-center\"><a href=\"#\" title=\"\" class=\"btn btn-scheme-light btn-scheme-hover-dark btn-style-default btn-style-round btn-size-large\">Awards Gallery<\/a><\/div><\/div><\/div><\/div><\/div><div class=\"vc_row-full-width vc_clearfix\"><\/div>\n<\/section>","protected":false},"excerpt":{"rendered":"La Asociaci\u00f3n Colombiana de Farmacolog\u00eda eligi\u00f3 a la nueva junta directiva para el\u00a0 periodo 2025-2027, el pasado 23 de octubre","protected":false},"author":1,"featured_media":0,"parent":0,"menu_order":0,"comment_status":"closed","ping_status":"closed","template":"","meta":{"footnotes":""},"class_list":["post-117","page","type-page","status-publish","hentry"],"_links":{"self":[{"href":"https:\/\/asocolfarma.com\/en\/wp-json\/wp\/v2\/pages\/117","targetHints":{"allow":["GET"]}}],"collection":[{"href":"https:\/\/asocolfarma.com\/en\/wp-json\/wp\/v2\/pages"}],"about":[{"href":"https:\/\/asocolfarma.com\/en\/wp-json\/wp\/v2\/types\/page"}],"author":[{"embeddable":true,"href":"https:\/\/asocolfarma.com\/en\/wp-json\/wp\/v2\/users\/1"}],"replies":[{"embeddable":true,"href":"https:\/\/asocolfarma.com\/en\/wp-json\/wp\/v2\/comments?post=117"}],"version-history":[{"count":13,"href":"https:\/\/asocolfarma.com\/en\/wp-json\/wp\/v2\/pages\/117\/revisions"}],"predecessor-version":[{"id":677,"href":"https:\/\/asocolfarma.com\/en\/wp-json\/wp\/v2\/pages\/117\/revisions\/677"}],"wp:attachment":[{"href":"https:\/\/asocolfarma.com\/en\/wp-json\/wp\/v2\/media?parent=117"}],"curies":[{"name":"wp","href":"https:\/\/api.w.org\/{rel}","templated":true}]}}